{"id":4209,"date":"2021-03-15T18:23:16","date_gmt":"2021-03-15T17:23:16","guid":{"rendered":"http:\/\/3-lab.pl\/?page_id=4209"},"modified":"2021-11-09T10:16:40","modified_gmt":"2021-11-09T09:16:40","slug":"korki-tv-2","status":"publish","type":"page","link":"https:\/\/3-lab.pl\/en\/korki-tv-2\/","title":{"rendered":"Korki.tv"},"content":{"rendered":"<div id=\"ut-row-69f517a9eb780\" data-vc-full-width=\"true\" data-vc-full-width-init=\"false\" class=\"vc_row wpb_row vc_row-fluid vc_column-gap-0 ut-row-69f517a9eb792\" ><div class=\"wpb_column vc_column_container vc_col-sm-12\" ><div id=\"ut_inner_column_69f517a9ec67c\" class=\"vc_column-inner\" ><div class=\"wpb_wrapper\"><div  class=\"wpb_content_element   clearfix\"><style type=\"text\/css\" scoped>#ut_am_69f517a9ed918 { opacity: 1; }<\/style><div id=\"ut_am_wrap_69f517a9ed91a\" class=\"ut-image-gallery-image\" style=\"text-align:center;\"><div class=\"ut-animated-image-item ut-image-gallery-item ut-animation-done\"><a class=\"ut-deactivated-link\" href=\"#\"><img  id=\"ut_am_69f517a9ed918\" style=\"\" src=\"https:\/\/3-lab.pl\/wp-content\/uploads\/2021\/02\/z25884427IEGLogo-Korki-tv-600x160.jpg\" width=\"600\" height=\"160\" alt=\"\"\/><\/a><\/div><\/div><\/div><\/div><\/div><\/div><\/div><div class=\"vc_row-full-width vc_clearfix\"><\/div><div id=\"ut-row-69f517a9edf0c\" data-vc-full-width=\"true\" data-vc-full-width-init=\"false\" class=\"vc_row wpb_row vc_row-fluid vc_column-gap-0 ut-row-69f517a9edf16\" ><div class=\"wpb_column vc_column_container vc_col-sm-12\" ><div id=\"ut_inner_column_69f517a9ee345\" class=\"vc_column-inner\" ><div class=\"wpb_wrapper\"><div class=\"wpb_content_element\"><style type=\"text\/css\" scoped>#ut_accordion_69f517a9ee444 .ut-accordion-module-item.open .ut-accordion-module-heading { color: rgba(0, 179, 227, 1) !important }#ut_accordion_69f517a9ee444 .ut-accordion-module-heading:hover { color: rgba(0, 179, 227, 1) !important }#ut_accordion_69f517a9ee444 .ut-accordion-module-heading:active { color: rgba(0, 179, 227, 1) !important }#ut_accordion_69f517a9ee444 .ut-accordion-module-heading:focus { color: rgba(0, 179, 227, 1) !important }#ut_accordion_69f517a9ee444 .ut-accordion-module-item { border-top-style:solid; }#ut_accordion_69f517a9ee444 .ut-accordion-module-item:last-child { border-top-style:solid; border-bottom-style:solid; }<\/style>                \r\n                <script type=\"text\/javascript\">\r\n                \r\n                    (function($){\r\n                                                \r\n                        $(document).ready(function(){\r\n                            \r\n                            $('#ut_accordion_69f517a9ee444 [data-accordion]').accordion({\r\n                                \"transitionSpeed\"  : 400,\r\n                                \"singleOpen\"       : true,\r\n                                \"transitionEasing\" : \"ease\",\r\n                            });                            \r\n                    \r\n                        });\r\n                            \r\n                    })(jQuery);\r\n            \r\n                <\/script>\r\n                \r\n            <div id=\"ut_accordion_69f517a9ee444\" data-accordion-group class=\"ut-accordion-module  ut-accordion-module-with-border\"><div data-accordion class=\"ut-accordion-module-item  open\"><h3 data-control class=\"ut-accordion-module-heading\" data-counter=\"1\">Project description<\/h3><div data-content class=\"ut-accordion-module-content\"><div class=\"ut-accordion-module-inner entry-content clearfix\"><strong class=\"articleLead\">\"For the time of final exam (matura) preperations korki.tv programme is launched! During next few weeks Metro television is going to transmit cycle of television lessons supporting high school students in final exam preperations. Coorganiser of the project is W.I.E.M social initiaive. Classes will be transmitted from Monday to Friday, between 11.30-13.00.<\/strong><\/p>\n<div class=\"adoWidgetDetail\">\n<div class=\"adoHide adoSlv KT12MPrawaSzpalta\">\n<div id=\"adoceantvnmghkpwkjgy\"><\/div>\n<\/div>\n<div class=\"adoHide adoSlv KT12M300x602\">\n<div id=\"adoceantvnvdchfpnlsj\">\"Korki.tv\"project starts on 22 April. Classes will be transmitted from Monday to Friday on Metro television channel, open-access to all high school students. Auditions will be emitted for four consecutive weeks and they will support students in final exam preperations.<\/div>\n<\/div>\n<\/div>\n<p><em>\"We are pleased to be part of this project and cocreate it with such engaged educators. I believe that each initiative supporting kids and teachers in this extraordinary situation is extremely precious. Today, beyond divisions, we -as nationwide television station- aim to help high school students in possible best comprehension of the curriculum.  I feel strongly that by faciliating Metro television station  for lesson, which we named \"Korki.tv\" we will provide youth with real support. \"Korki.tv\" will be given by teachers themselves in home environment. First and foremost we are focusing of seniors who are in most difficult situation. Our programme includes basic final exam subjects taught according to Polish National Curriculm.\"<\/em>\u00a0-says\u00a0\u00a0<strong>Maciej \u015awierzawski<\/strong>the head of Metro Television<\/p>\n<p>Classes will be transmitted\u00a0<strong>from Monday to Friday, between 11.30-13.00<\/strong>not to colide with classes given by teachers in online education programmes organised by schools. Lesson will be divided in three subject blocks. First, from 11.30 to 12.00, is dedicated to mathematics revision and excercise practice. Nest, from 12.00 to 12.30, polish lessons will be transmitted.  The last subject block, from 12.30 to 13.00, will consist of either biology, chemistry or english. Rerun of the audition will be at 9.00 the following day.<\/p>\n<p><em>\"The idea of this project emerged from inspiration to support students. Thanks to networks of teacher cooperation, that I participate in and cocreate, we have succesfully gathered a group of educators eager to share their knowledge and experience.\"<\/em>\u00a0-says\u00a0<strong>Oktawia Gorze\u0144ska<\/strong>member of social initiative \"Knowledge. Innovation. Education. Motivation\" (polish:\"Wiedza. Innowacja. Edukacja. Motywacja\u201d). Founders of W.I.E.M engage in many educational projects, including launching classes transmisstions in Metro televison.<\/p>\n<p>All materials for students are prepared according to effective curriculum and guidlines from Polish Ministry of Education. Specific programme timetable is regularly actualised on Metro television website and social media profile. All episodes of \"Korki.tv\" will be cost-free available at\u00a0<a href=\"https:\/\/player.pl\/programy-online\/korkitv-odcinki,26043\">Player<\/a>.<\/p>\n<p><em>What we did is create a community. We have various competences, passions and experiences. We are connected by one thing: joy of teaching and need of coming to help. Especially to students taking final exams this year, who finish high school on 24 April. We want to help them prepare for final exams.\"<\/em>\u00a0-explaines\u00a0<strong>Anna Rzepa<\/strong>\u00a0from W.I.E.M.<\/p>\n<p>&nbsp;<\/p>\n<p>Press material from TVN<\/div><\/div><\/div><\/div><\/div><style type=\"text\/css\" scoped><\/style><div id=\"ut_blog_grid_69f517a9ee541\" class=\"ut-blog-grid-module blog\"><div class=\"ut-blog-grid clearfix\">\n<article id=\"post-4954\" class=\"grid-33 tablet-grid-50 mobile-grid-100 ut-blog-grid-article clearfix post-4954 post type-post status-publish format-standard has-post-thumbnail hentry category-3-it-3-card category-3-it-3-nav category-3-it-jit-agile category-3-sat category-3-sat2 category-3-class category-art-garden-dziki-zakatek category-art-studio category-art-studio-kierunek-zwiedzania category-art-ups category-gietkie-mikroinwazyjne-urzadzenie-endoskopowe category-czlowiek-2 category-czlowiek category-eml category-extremebox category-future category-hackatony category-harc2020 category-inne-projekty category-inteligentna-apteczka-dla-polarnikow category-interfejs-mozg-mozg category-kapsula-z-kontrolowana-atmosfera category-korki-tv category-krotkowzrocznosc category-med category-ps category-pierwsi-widzowie category-bez-kategorii category-space\">\n    \n    <div class=\"ut-blog-grid-article-inner\">\n    \t\n\t\t\t\t\n\t\t\t<div class=\"entry-meta entry-meta-top  clearfix\">\n\n\t\t\t\t\t\t\t\t<span class=\"ut-sticky\"><i class=\"fa fa-thumb-tack\"><\/i><\/span>\n\t\t\t\t<span class=\"cat-links\"><i class=\"fa fa-folder-open-o\"><\/i><a href=\"https:\/\/3-lab.pl\/en\/category\/3-it-3-card\/\" data-rel=\"category tag\">3 It - 3 Card<\/a>, <a href=\"https:\/\/3-lab.pl\/en\/category\/3-it-3-nav\/\" data-rel=\"category tag\">3 It - 3 NAV<\/a>, <a href=\"https:\/\/3-lab.pl\/en\/category\/3-it-jit-agile\/\" data-rel=\"category tag\">3 It - Jit Agile<\/a>, <a href=\"https:\/\/3-lab.pl\/en\/category\/3-sat\/\" data-rel=\"category tag\">3-SAT<\/a>, <a href=\"https:\/\/3-lab.pl\/en\/category\/3-sat2\/\" data-rel=\"category tag\">3-SAT2<\/a>, <a href=\"https:\/\/3-lab.pl\/en\/category\/3-class\/\" data-rel=\"category tag\">3CLASS<\/a>, <a href=\"https:\/\/3-lab.pl\/en\/category\/art-garden-dziki-zakatek\/\" data-rel=\"category tag\">Art + garden - dziki zak\u0105tek<\/a>, <a href=\"https:\/\/3-lab.pl\/en\/category\/art-studio\/\" data-rel=\"category tag\">Art + studio<\/a>, <a href=\"https:\/\/3-lab.pl\/en\/category\/art-studio-kierunek-zwiedzania\/\" data-rel=\"category tag\">Art + studio - kierunek zwiedzania<\/a>, <a href=\"https:\/\/3-lab.pl\/en\/category\/art-ups\/\" data-rel=\"category tag\">Art Ups!<\/a>, <a href=\"https:\/\/3-lab.pl\/en\/category\/gietkie-mikroinwazyjne-urzadzenie-endoskopowe\/\" data-rel=\"category tag\">BST - Gi\u0119tkie mikroinwazyjne urz\u0105dzenie endoskopowe<\/a>, <a href=\"https:\/\/3-lab.pl\/en\/category\/czlowiek-2\/\" data-rel=\"category tag\">czlowiek<\/a>, <a href=\"https:\/\/3-lab.pl\/en\/category\/czlowiek\/\" data-rel=\"category tag\">CZ\u0141OWIEK<\/a>, <a href=\"https:\/\/3-lab.pl\/en\/category\/eml\/\" data-rel=\"category tag\">EML<\/a>, <a href=\"https:\/\/3-lab.pl\/en\/category\/extremebox\/\" data-rel=\"category tag\">Extremebox<\/a>, <a href=\"https:\/\/3-lab.pl\/en\/category\/future\/\" data-rel=\"category tag\">Future<\/a>, <a href=\"https:\/\/3-lab.pl\/en\/category\/hackatony\/\" data-rel=\"category tag\">Hackatony<\/a>, <a href=\"https:\/\/3-lab.pl\/en\/category\/harc2020\/\" data-rel=\"category tag\">HARC 2020<\/a>, <a href=\"https:\/\/3-lab.pl\/en\/category\/inne-projekty\/\" data-rel=\"category tag\">INNE PROJEKTY<\/a>, <a href=\"https:\/\/3-lab.pl\/en\/category\/inteligentna-apteczka-dla-polarnikow\/\" data-rel=\"category tag\">Inteligentna apteczka dla polarnik\u00f3w<\/a>, <a href=\"https:\/\/3-lab.pl\/en\/category\/interfejs-mozg-mozg\/\" data-rel=\"category tag\">Interfejs M\u00f3zg - M\u00f3zg<\/a>, <a href=\"https:\/\/3-lab.pl\/en\/category\/kapsula-z-kontrolowana-atmosfera\/\" data-rel=\"category tag\">Kapsu\u0142a z kontrolowan\u0105 atmosfer\u0105<\/a>, <a href=\"https:\/\/3-lab.pl\/en\/category\/korki-tv\/\" data-rel=\"category tag\">korki.tv<\/a>, <a href=\"https:\/\/3-lab.pl\/en\/category\/krotkowzrocznosc\/\" data-rel=\"category tag\">Shortsightedness<\/a>, <a href=\"https:\/\/3-lab.pl\/en\/category\/med\/\" data-rel=\"category tag\">Med<\/a>, <a href=\"https:\/\/3-lab.pl\/en\/category\/ps\/\" data-rel=\"category tag\">Mr Stanis\u0142aw<\/a>, <a href=\"https:\/\/3-lab.pl\/en\/category\/pierwsi-widzowie\/\" data-rel=\"category tag\">First Viewers<\/a>, <a href=\"https:\/\/3-lab.pl\/en\/category\/bez-kategorii\/\" data-rel=\"category tag\">R\u00f3\u017cne<\/a>, <a href=\"https:\/\/3-lab.pl\/en\/category\/space\/\" data-rel=\"category tag\">Space<\/a><\/span> \n\n\t\t\t\t\n\t\t\t<\/div>\n\t\t\t<!-- close entry-meta -->    \n\n\t\t\t\t\n                        \n\n        <!-- ut-post-thumbnail -->\n        <div class=\"ut-post-thumbnail\">     \n\n            <div class=\"entry-thumbnail\">\n\n                \n                <a title=\"Permanent Link to 3LAB w miesi\u0119czniku FOCUS\" href=\"https:\/\/3-lab.pl\/en\/2021\/11\/05\/3lab-w-miesieczniku-focus\/\">                \n                    \n                    <figure class=\"ut-post-thumbnail-caption-wrap\">\n\n                        \n        <img data-adaptive-images=\"{&quot;300&quot;:&quot;https:\\\/\\\/3-lab.pl\\\/wp-content\\\/uploads\\\/2021\\\/10\\\/Projekt-bez-tytulu-2-300x250.png&quot;,&quot;500&quot;:&quot;https:\\\/\\\/3-lab.pl\\\/wp-content\\\/uploads\\\/2021\\\/10\\\/Projekt-bez-tytulu-2-500x417.png&quot;,&quot;750&quot;:&quot;https:\\\/\\\/3-lab.pl\\\/wp-content\\\/uploads\\\/2021\\\/10\\\/Projekt-bez-tytulu-2-750x625.png&quot;,&quot;1000&quot;:&quot;https:\\\/\\\/3-lab.pl\\\/wp-content\\\/uploads\\\/2021\\\/10\\\/Projekt-bez-tytulu-2-1000x833.png&quot;,&quot;1500&quot;:&quot;https:\\\/\\\/3-lab.pl\\\/wp-content\\\/uploads\\\/2021\\\/10\\\/Projekt-bez-tytulu-2-1500x1250.png&quot;,&quot;2500&quot;:&quot;https:\\\/\\\/3-lab.pl\\\/wp-content\\\/uploads\\\/2021\\\/10\\\/Projekt-bez-tytulu-2-2500x2083.png&quot;}\" src=\"data:image\/svg+xml;charset=utf-8,%3Csvg xmlns%3D'http%3A%2F%2Fwww.w3.org%2F2000%2Fsvg' viewBox%3D'0 0 1500 1250'%2F%3E\" width=\"1500\" height=\"1250\" data-src=\"https:\/\/3-lab.pl\/wp-content\/uploads\/2021\/10\/Projekt-bez-tytulu-2-1500x1250.png\" data-image-id=\"4840\" class=\"ut-adaptive-image wp-post-image skip-lazy\">\n\n        \n                        \n                    <\/figure>\n                    \n                <\/a>  \n                \n                <a href=\"https:\/\/3-lab.pl\/en\/2021\/11\/\">\n                \n                    <div class=\"date-format\">\n                        <span class=\"day\">05<\/span>\n                        <span class=\"month\">Nov 2021<\/span>\n                    <\/div>\n                \n                <\/a>\n\n            <\/div>                                                                                                                         \n\n        <\/div><!-- close ut-post-thumbnail -->\n\n                \n                \n        <a class=\"ut-blog-link\" title=\"3LAB w miesi\u0119czniku FOCUS\" href=\"https:\/\/3-lab.pl\/en\/2021\/11\/05\/3lab-w-miesieczniku-focus\/\" rel=\"bookmark\">     \n              \n            <div class=\"ut-blog-grid-content-wrap\"> \n\n                \n                    <header class=\"entry-header\">\n\n                        <h2 class=\"entry-title\">3LAB w miesi\u0119czniku FOCUS<\/h2>          \n\n                    <\/header>\n                    <!-- close entry-header -->\n\n                 \n\n                <!-- entry-content -->\n                <div class=\"entry-content clearfix\">\n\n                    <p>Zapraszamy do lektury artyku\u0142u o Pracowni 3LAB, kt\u00f3ry ukaza\u0142 si\u0119 w listopadowym wydaniu miesi\u0119cznika FOCUS. Powsta\u0142 on na podstawie wywiadu&hellip;<\/p>\n\n                <\/div>\n                <!-- entry-content -->\n\n            <\/div>\n        \n        <\/a>\n        \n\t\t\t\t\n\t\t\t<div class=\"entry-meta clearfix\">\n\n\t\t\t\t<span class=\"author-links\"><i class=\"fa fa-user-o\"><\/i><a href=\"https:\/\/3-lab.pl\/en\/author\/kkozikowska\/\" title=\"Posts by Karolina Kozikowska\" rel=\"author\">Karolina Kozikowska<\/a><\/span>\n\n\t\t\t\t       \n\n\t\t\t<\/div>\n\t\t\n\t\t                        \n    <\/div>\n    \n<\/article>\n<!-- #post-4954 --><\/div><\/div><\/div><\/div><\/div><\/div><div class=\"vc_row-full-width vc_clearfix\"><\/div><div id=\"ut-row-69f517aa0c021\" data-vc-full-width=\"true\" data-vc-full-width-init=\"false\" class=\"vc_row wpb_row vc_row-fluid vc_column-gap-0 ut-row-69f517aa0c033\" ><div class=\"wpb_column vc_column_container vc_col-sm-12\" ><div id=\"ut_inner_column_69f517aa0c7b7\" class=\"vc_column-inner\" ><div class=\"wpb_wrapper\"><style type=\"text\/css\" scoped><\/style><div id=\"bklyn_btn_69f517aa0c954\" class=\"bklyn-btn-holder  bklyn-btn-center\"><a title=\"\"   href=\"http:\/\/3-lab.pl\/en\/category\/korki-tv\/\" target=\"_self\" class=\"bklyn-btn  bklyn-btn-normal\" ><span class=\"ut-btn-text\">View all project entries<\/span><\/a><\/div><\/div><\/div><\/div><\/div><div class=\"vc_row-full-width vc_clearfix\"><\/div>","protected":false},"excerpt":{"rendered":"Zapraszamy do lektury artyku\u0142u o Pracowni 3LAB, kt\u00f3ry ukaza\u0142 si\u0119 w listopadowym wydaniu miesi\u0119cznika FOCUS. Powsta\u0142 on na podstawie wywiadu przeprowadzonego we wrze\u015bniu przez dziennikarza Jana Stradowskiego \u2013 zast\u0119pc\u0119 redaktora naczelnego \u201eFocusa\u201d i prowadz\u0105cego audycj\u0119 \u201eCz\u0142owiek 2.0\u201dw radio TOK FM. Przy okazji ukazania si\u0119 materia\u0142u w prasie przypominamy, \u017ce 3 LAB otrzyma\u0142 w maju 2021 [...]","protected":false},"author":6,"featured_media":0,"parent":0,"menu_order":0,"comment_status":"closed","ping_status":"closed","template":"","meta":{"spay_email":""},"_links":{"self":[{"href":"https:\/\/3-lab.pl\/en\/wp-json\/wp\/v2\/pages\/4209"}],"collection":[{"href":"https:\/\/3-lab.pl\/en\/wp-json\/wp\/v2\/pages"}],"about":[{"href":"https:\/\/3-lab.pl\/en\/wp-json\/wp\/v2\/types\/page"}],"author":[{"embeddable":true,"href":"https:\/\/3-lab.pl\/en\/wp-json\/wp\/v2\/users\/6"}],"replies":[{"embeddable":true,"href":"https:\/\/3-lab.pl\/en\/wp-json\/wp\/v2\/comments?post=4209"}],"version-history":[{"count":13,"href":"https:\/\/3-lab.pl\/en\/wp-json\/wp\/v2\/pages\/4209\/revisions"}],"predecessor-version":[{"id":4276,"href":"https:\/\/3-lab.pl\/en\/wp-json\/wp\/v2\/pages\/4209\/revisions\/4276"}],"wp:attachment":[{"href":"https:\/\/3-lab.pl\/en\/wp-json\/wp\/v2\/media?parent=4209"}],"curies":[{"name":"wp","href":"https:\/\/api.w.org\/{rel}","templated":true}]}}