{"id":2905,"date":"2020-05-01T13:30:43","date_gmt":"2020-05-01T11:30:43","guid":{"rendered":"http:\/\/3-lab.pl\/?page_id=2905"},"modified":"2020-05-16T14:50:55","modified_gmt":"2020-05-16T12:50:55","slug":"3class2","status":"publish","type":"page","link":"https:\/\/3-lab.pl\/en\/3class2\/","title":{"rendered":"3CLASS &#8211; szkic"},"content":{"rendered":"<style>#cola{width: 23%; padding-left: 10px;}#colb{width: 23%;}<\/style>\n\r\n            <style type='text\/css'>\r\n                #gallery-1 {\r\n                    margin: auto;\r\n                }\r\n                #gallery-1 .gallery-item {\r\n                    float: left;\r\n                    margin-top: 10px;\r\n                    text-align: center;\r\n                    width: 50%;\r\n                }\r\n                #gallery-1 img {\r\n                    border: 2px solid #cfcfcf;\r\n                }\r\n                #gallery-1 .gallery-caption {\r\n                    margin-left: 0;\r\n                }\r\n                \r\n                \r\n                \r\n                \/* see gallery_shortcode() in wp-includes\/media.php *\/\r\n            <\/style>\n\t\t<div id='gallery-1' class='gallery galleryid-2905 gallery-columns-2 gallery-size-full'><dl class='gallery-item'>\r\n                <dt class='gallery-icon landscape'>\r\n                    <a href='https:\/\/3-lab.pl\/en\/3class-old\/3class-logo\/#main'><img width=\"1557\" height=\"1117\" src=\"https:\/\/3-lab.pl\/wp-content\/uploads\/2020\/03\/3class-logo.jpg\" class=\"attachment-full size-full\" alt=\"\" srcset=\"https:\/\/3-lab.pl\/wp-content\/uploads\/2020\/03\/3class-logo.jpg 1557w, https:\/\/3-lab.pl\/wp-content\/uploads\/2020\/03\/3class-logo-604x433.jpg 604w, https:\/\/3-lab.pl\/wp-content\/uploads\/2020\/03\/3class-logo-768x551.jpg 768w, https:\/\/3-lab.pl\/wp-content\/uploads\/2020\/03\/3class-logo-1209x867.jpg 1209w, https:\/\/3-lab.pl\/wp-content\/uploads\/2020\/03\/3class-logo-1004x720.jpg 1004w\" sizes=\"(max-width: 1557px) 100vw, 1557px\" \/><\/a>\r\n                <\/dt><\/dl><dl class='gallery-item'>\r\n                <dt class='gallery-icon landscape'>\r\n                    <a href='https:\/\/3-lab.pl\/en\/wspieraja-nas\/gov_tecj\/#main'><img width=\"567\" height=\"367\" src=\"https:\/\/3-lab.pl\/wp-content\/uploads\/2020\/04\/gov_tecj.jpg\" class=\"attachment-full size-full\" alt=\"\" \/><\/a>\r\n                <\/dt><\/dl><br style=\"clear: both\" \/><\/div>\n\n<p>&nbsp;<\/p>\n<section id=\"ut-section-69f28b52db83b\" data-vc-full-width=\"true\" data-vc-full-width-init=\"false\" data-cursor-skin=\"global\" class=\"vc_section ut-vc-160 vc_section-has-no-fill ut-section-69f28b52db84a\"><div id=\"ut-row-69f28b52dbee3\" data-vc-full-width=\"true\" data-vc-full-width-init=\"false\" class=\"vc_row wpb_row vc_row-fluid vc_column-gap-0 ut-row-69f28b52dbef3\" ><div class=\"wpb_column vc_column_container vc_col-sm-12\" ><div id=\"ut_inner_column_69f28b52dcf75\" class=\"vc_column-inner\" ><div class=\"wpb_wrapper\"><div class=\"wpb_content_element\"><style type=\"text\/css\" scoped>#ut_accordion_69f28b52dd316 .ut-accordion-module-item.open .ut-accordion-module-heading { color: rgba(0, 179, 227, 1) !important }#ut_accordion_69f28b52dd316 .ut-accordion-module-heading:hover { color: rgba(0, 179, 227, 1) !important }#ut_accordion_69f28b52dd316 .ut-accordion-module-heading:active { color: rgba(0, 179, 227, 1) !important }#ut_accordion_69f28b52dd316 .ut-accordion-module-heading:focus { color: rgba(0, 179, 227, 1) !important }#ut_accordion_69f28b52dd316 .ut-accordion-module-item { border-top-style:solid; }#ut_accordion_69f28b52dd316 .ut-accordion-module-item:last-child { border-top-style:solid; border-bottom-style:solid; }#ut_accordion_69f28b52dd316 .ut-accordion-module-heading::before { -webkit-border-radius: 50%; -moz-border-radius: 50%; border-radius: 50%; }<\/style>                \r\n                <script type=\"text\/javascript\">\r\n                \r\n                    (function($){\r\n                                                \r\n                        $(document).ready(function(){\r\n                            \r\n                            $('#ut_accordion_69f28b52dd316 [data-accordion]').accordion({\r\n                                \"transitionSpeed\"  : 400,\r\n                                \"singleOpen\"       : true,\r\n                                \"transitionEasing\" : \"ease\",\r\n                            });                            \r\n                    \r\n                        });\r\n                            \r\n                    })(jQuery);\r\n            \r\n                <\/script>\r\n                \r\n            <div id=\"ut_accordion_69f28b52dd316\" data-accordion-group class=\"ut-accordion-module  ut-accordion-module-with-counter ut-accordion-module-with-border\"><div data-accordion class=\"ut-accordion-module-item\"><h3 data-control class=\"ut-accordion-module-heading\" data-counter=\"1\">CO ROBIMY I DLACZEGO?<\/h3><div data-content class=\"ut-accordion-module-content\"><div class=\"ut-accordion-module-inner entry-content clearfix\"><\/p>\n<p>&nbsp;<\/p>\n<p style=\"text-align: center;\"><strong>LICEALI\u015aCI POMAGAJ\u0104 W NAUCE UCZNIOM PODSTAW\u00d3WEK<\/strong><\/p>\n<p>&nbsp;<\/p>\n<p><strong><img class=\"wp-image-2682 alignleft\" src=\"http:\/\/3-lab.pl\/wp-content\/uploads\/2020\/03\/3class-1.png\" alt=\"\" width=\"202\" height=\"286\" srcset=\"https:\/\/3-lab.pl\/wp-content\/uploads\/2020\/03\/3class-1.png 1648w, https:\/\/3-lab.pl\/wp-content\/uploads\/2020\/03\/3class-1-306x433.png 306w, https:\/\/3-lab.pl\/wp-content\/uploads\/2020\/03\/3class-1-768x1086.png 768w, https:\/\/3-lab.pl\/wp-content\/uploads\/2020\/03\/3class-1-613x867.png 613w, https:\/\/3-lab.pl\/wp-content\/uploads\/2020\/03\/3class-1-509x720.png 509w\" sizes=\"(max-width: 202px) 100vw, 202px\" \/><\/strong><\/p>\n<p><strong>3CLASS<\/strong> to pomoc w nauce i rozwijaniu pasji, kt\u00f3rej liceali\u015bci i absolwenci chc\u0105 udziela\u0107 uczniom szk\u00f3\u0142<br \/>\npodstawowych!<\/p>\n<ul>\n<li>Pomagamy uczniom kilkunastu szk\u00f3\u0142 podstawowych<\/li>\n<li>Umo\u017cliwiamy innym szko\u0142om \u015brednim skorzystanie z naszego systemu<\/li>\n<\/ul>\n<p>Tylu, ilu damy rad\u0119.<\/p>\n<p><em>Bardzo dzi\u0119kujemy Paniom dr Agacie Go\u017adzik, Dorocie Lubiewskiej, Joannie Piechowiak, Magdalenie Waga (mamie Radka:) oraz Panom mecenasowi Janowi Wro\u0144skiemu, Mateuszowi Mazurkiewiczowi oraz Paw\u0142owi Kudzi<\/em><em>. Wasza pomoc w procesie tworzenia projektu by\u0142a bezcenna.<\/em><\/p>\n<p>&nbsp;<\/p>\n<p>&nbsp;<\/p>\n<p>&nbsp;<\/p>\n<div>\n<p><b>Nasze rozwi\u0105zanie skierowane jest do nauczycieli lice\u00f3w, kt\u00f3rzy uwa\u017caj\u0105, \u017ce ich uczniowie\u00a0<\/b><b>mog\u0105 pom\u00f3c:<\/b><\/p>\n<ul>\n<li>m\u0142odszym kole\u017cankom i kolegom ze szk\u00f3\u0142 podstawowych,<\/li>\n<\/ul>\n<ul>\n<li>ich nauczycielom w obs\u0142udze narz\u0119dzi IT.<\/li>\n<\/ul>\n<\/div>\n<p><b><\/div><\/div><\/div><div data-accordion class=\"ut-accordion-module-item\"><h3 data-control class=\"ut-accordion-module-heading\" data-counter=\"2\">KIM JESTE\u015aMY ?<\/h3><div data-content class=\"ut-accordion-module-content\"><div class=\"ut-accordion-module-inner entry-content clearfix\"><\/b><\/p>\n<p><img class=\"wp-image-2746 aligncenter\" src=\"http:\/\/3-lab.pl\/wp-content\/uploads\/2020\/03\/3class-logo-kolko.jpg\" alt=\"\" width=\"376\" height=\"270\" srcset=\"https:\/\/3-lab.pl\/wp-content\/uploads\/2020\/03\/3class-logo-kolko.jpg 1557w, https:\/\/3-lab.pl\/wp-content\/uploads\/2020\/03\/3class-logo-kolko-604x433.jpg 604w, https:\/\/3-lab.pl\/wp-content\/uploads\/2020\/03\/3class-logo-kolko-768x551.jpg 768w, https:\/\/3-lab.pl\/wp-content\/uploads\/2020\/03\/3class-logo-kolko-1209x867.jpg 1209w, https:\/\/3-lab.pl\/wp-content\/uploads\/2020\/03\/3class-logo-kolko-1004x720.jpg 1004w\" sizes=\"(max-width: 376px) 100vw, 376px\" \/>Jeste\u015bmy grup\u0105 kilkudziesi\u0119ciu wolontariuszy z lice\u00f3w w ca\u0142ej Polsce. Oferujemy nasz\u0105 pomoc przez oko\u0142o 300 godzin tygodniowo.<\/p>\n<p>&nbsp;<\/p>\n<p><strong>Koordynacja<\/strong><\/p>\n<table>\n<tbody>\n<tr>\n<td id=\"cola\">Anna Rzepa<\/td>\n<td id=\"colb\">III LO w Gdyni<\/td>\n<td>Koordynator Projektu \/ pomys\u0142odawca \/ stworzenie modelu i struktury projektu<\/td>\n<\/tr>\n<tr>\n<td>Olga Wro\u0144ska<\/td>\n<td>III LO w Gdyni<\/td>\n<td>Koordynator wsp\u00f3\u0142pracy z rodzicami oraz Dyrekcj\u0105 Szk\u00f3\u0142 \/ dokumentacja \/ wsp\u00f3\u0142praca mi\u0119dzynarodowa \/ wsp\u00f3\u0142autor projektu<strong><br \/>\n<\/strong><\/td>\n<\/tr>\n<tr>\n<td>Marta M\u0105kosa<\/td>\n<td>III LO w Gdyni<\/td>\n<td>Koordynator wsp\u00f3\u0142pracy z nauczycielami \/ zarz\u0105dz\u0105dzanie umowami\/ finanse<\/td>\n<\/tr>\n<\/tbody>\n<\/table>\n<p>&nbsp;<\/p>\n<p><strong>Supporting persons<\/strong><\/p>\n<table>\n<tbody>\n<tr>\n<td id=\"cola\">Daria Duda<\/td>\n<td id=\"colb\">III LO w Gdyni<\/td>\n<td>konsultacja j\u0119zykowa<\/td>\n<\/tr>\n<tr>\n<td>Grzegorz Gizi\u0144ski<\/td>\n<td>SGH Warszawa<\/td>\n<td>tutorial<\/td>\n<\/tr>\n<tr>\n<td>dr Agata Go\u017adzik<\/td>\n<td>IGF PAN<\/td>\n<td>analiza rozwi\u0105za\u0144 e-learningowych<\/td>\n<\/tr>\n<tr>\n<td>Tullia Grossi<\/td>\n<td>III LO w Gdyni<\/td>\n<td>social media<\/td>\n<\/tr>\n<tr>\n<td>Pawe\u0142 Kudzia<\/td>\n<td><\/td>\n<td>konsultacje w\/s komunikacji, komunikacja medialna<\/td>\n<\/tr>\n<tr>\n<td>Kinga Kulpa<\/td>\n<td>III LO w Gdyni<\/td>\n<td>wsparcie graficzne<\/td>\n<\/tr>\n<tr>\n<td>Dorota Lubiewska<\/td>\n<td>III LO w Gdyni<\/td>\n<td>konsultacje i dokumentacja dot. ochrony danych osobowych<\/td>\n<\/tr>\n<tr>\n<td id=\"cola\">Mateusz Mazurkiewicz<\/td>\n<td id=\"colb\">TU Delft<\/td>\n<td>wsp\u00f3\u0142praca z absolwentami, raport, statystyki<\/td>\n<\/tr>\n<tr>\n<td>Joanna Piechowiak<\/td>\n<td>III LO w Gdyni<\/td>\n<td>wsparcie merytoryczne<\/td>\n<\/tr>\n<tr>\n<td>Adrian Stawicki<\/td>\n<td><\/td>\n<td>wsparcie graficzne<\/td>\n<\/tr>\n<tr>\n<td>Magdalena Waga<\/td>\n<td><\/td>\n<td>wsparcie merytoryczne<\/td>\n<\/tr>\n<tr>\n<td>Marcel Wro\u0144ski<\/td>\n<td>SP nr 34 w Gdyni<\/td>\n<td>tutorial<\/td>\n<\/tr>\n<tr>\n<td>mec. Jan Wro\u0144ski<\/td>\n<td><\/td>\n<td>konsultacje prawne, przygotowanie um\u00f3w<\/td>\n<\/tr>\n<\/tbody>\n<\/table>\n<p><strong><br \/>\nZesp\u00f3\u0142 uczniowski<\/strong><\/p>\n<div>\n<table>\n<tbody>\n<tr>\n<td id=\"cola\">Rados\u0142aw Waga<\/td>\n<td id=\"colb\">III LO w Gdyni<\/td>\n<td>lider zespo\u0142u, komunikacja z wolontariuszami<\/td>\n<\/tr>\n<tr>\n<td>Piotr Bie\u0144kowski<\/td>\n<td>Akademickie LO Politechniki Wroc\u0142awskiej<\/td>\n<td>tw\u00f3rca systemu IT<\/td>\n<\/tr>\n<tr>\n<td>Evan Collier<\/td>\n<td>VI LO w Gdyni<\/td>\n<td>przygotowanie filmu promocyjnego, social media<\/td>\n<\/tr>\n<tr>\n<td>Bartosz Kostarczyk<\/td>\n<td>III LO w Gdyni<\/td>\n<td>lider zespo\u0142u IT, tworca systemu<\/td>\n<\/tr>\n<tr>\n<td>Karolina Kozikowska<\/td>\n<td>III LO w Gdyni<\/td>\n<td>media<\/td>\n<\/tr>\n<tr>\n<td>Mateusz Kr\u00f3l<\/td>\n<td>III LO w Gdyni<\/td>\n<td>organizacja kwestii formalnych, komunikacja z wolonatariuszmai<\/td>\n<\/tr>\n<tr>\n<td>Zofia Lipka<\/td>\n<td>III LO w Gdyni<\/td>\n<td>organizacja prac<\/td>\n<\/tr>\n<tr>\n<td>Mateusz Mazurczak<\/td>\n<td>Akademeia High School<\/td>\n<td>tw\u00f3rca systemu IT<\/td>\n<\/tr>\n<tr>\n<td>Mateusz Pietrzak<\/td>\n<td>III LO w Gdyni<\/td>\n<td>zarz\u0105dzanie baz\u0105 danych<\/td>\n<\/tr>\n<tr>\n<td>B\u0142a\u017cej Sak<\/td>\n<td>XX LO w Gda\u0144sku<\/td>\n<td>zesp\u00f3\u0142 IT<\/td>\n<\/tr>\n<tr>\n<td>Barbara Siewert<\/td>\n<td>III LO w Gdyni<\/td>\n<td>media<\/td>\n<\/tr>\n<tr>\n<td>Alan Soli\u0144ski<\/td>\n<td>III LO w Gdyni<\/td>\n<td>wsparcie dokumentacji<\/td>\n<\/tr>\n<\/tbody>\n<\/table>\n<p>&nbsp;<\/p>\n<\/div>\n<p><b><\/b><b><\/div><\/div><\/div><div data-accordion class=\"ut-accordion-module-item\"><h3 data-control class=\"ut-accordion-module-heading\" data-counter=\"3\">INFORMACJE DLA NAUCZYCIELA I DYREKTORA LICEUM CHC\u0104CEGO PRZY\u0141\u0104CZY\u0106 SWOJ\u0104 PLAC\u00d3WK\u0118 DO PROJEKTU 3CLASS<\/h3><div data-content class=\"ut-accordion-module-content\"><div class=\"ut-accordion-module-inner entry-content clearfix\">\u00a0<\/b><\/p>\n<div><strong>Nasze rozwi\u0105zanie skierowane jest do nauczycieli lice\u00f3w, kt\u00f3rzy uwa\u017caj\u0105, \u017ce ich uczniowie mog\u0105 pom\u00f3c:<\/strong><\/div>\n<div><strong>1. m\u0142odszym kole\u017cankom i kolegom ze szk\u00f3\u0142 podstawowych,<\/strong><\/div>\n<div><strong>2. ich nauczycielom w obs\u0142udze narz\u0119dzi IT.<\/strong><\/div>\n<p style=\"text-align: left;\">Udost\u0119pniane na <span class=\"il\">under<\/span> CC-BY-NC-SA.3.0 PL<\/p>\n<p><img class=\"alignnone size-full wp-image-2524\" src=\"http:\/\/3-lab.pl\/wp-content\/uploads\/2020\/02\/120px-CC-BY-NC-SA.svg.png\" alt=\"\" width=\"120\" height=\"42\" \/><\/p>\n<p><img class=\"alignnone size-full wp-image-2771\" src=\"http:\/\/3-lab.pl\/wp-content\/uploads\/2020\/03\/Zdjecie2.png\" alt=\"\" width=\"6008\" height=\"1802\" srcset=\"https:\/\/3-lab.pl\/wp-content\/uploads\/2020\/03\/Zdjecie2.png 6008w, https:\/\/3-lab.pl\/wp-content\/uploads\/2020\/03\/Zdjecie2-650x195.png 650w, https:\/\/3-lab.pl\/wp-content\/uploads\/2020\/03\/Zdjecie2-768x230.png 768w, https:\/\/3-lab.pl\/wp-content\/uploads\/2020\/03\/Zdjecie2-1300x390.png 1300w, https:\/\/3-lab.pl\/wp-content\/uploads\/2020\/03\/Zdjecie2-1280x384.png 1280w\" sizes=\"(max-width: 6008px) 100vw, 6008px\" \/><\/p>\n<p><em>grafika: Kinga Kulpa<\/em><\/p>\n<p>&nbsp;<\/p>\n<p><iframe src=\"https:\/\/www.youtube.com\/embed\/IMZAjWT_Als\" width=\"560\" height=\"315\" frameborder=\"0\" allowfullscreen=\"allowfullscreen\"><\/iframe><\/p>\n<p>Autor: Marcel Wro\u0144ski, Grzegorz Gizi\u0144ski<\/p>\n<p><strong>Procedury przyst\u0105pienia do projektu 3CLASS:<\/strong><br \/>\n<strong>(zaj\u0119cia wspieraj\u0105ce nauk\u0119 dla dzieci ze szk\u00f3\u0142 podstawowych)<\/strong><\/p>\n<p>1. Zg\u0142oszenie szko\u0142y partnerskiej:<\/p>\n<p style=\"padding-left: 40px;\">a) Wyra\u017cenie ch\u0119ci przyst\u0105pienia do projektu przez nauczyciela szko\u0142y ponadpodstawowej lub ponadgimnazjalnej, kt\u00f3ry zg\u0142asza si\u0119 do 3CLASS jako opiekun projektu w swojej szkole.<br \/>\nb) Pozyskanie wolontariuszy ze swojej szko\u0142y, kt\u00f3rzy chc\u0105 pom\u00f3c w nauce uczniom ze szko\u0142y podstawowej.<br \/>\nc) Nawi\u0105zanie wsp\u00f3\u0142pracy z przynajmniej jedn\u0105 szko\u0142\u0105 podstawow\u0105<br \/>\nd) Wys\u0142anie wiadomo\u015bci mailowej na adres martamakosa@lo3.gdynia.pl z pro\u015bb\u0105 o przy\u0142\u0105czenie szko\u0142y do projektu wraz z informacjami o swoim: imieniu, nazwisku, adresie email oraz miejscowo\u015bci i danych kontaktowych szko\u0142y.<br \/>\ne) Weryfikacja prawid\u0142owo\u015bci danych &#8211; po uko\u0144czeniu koordynator otrzyma dalsze informacje, w tym nasze standardy.<br \/>\nf) Po zaakceptowaniu i wprowadzeniu standard\u00f3w, szko\u0142a zostaje dodana do systemu.<\/p>\n<p>2. Koordynator dostaje informacj\u0119 zwrotn\u0105 o potwierdzeniu przyj\u0119cia do projektu wraz z niezb\u0119dnymi danymi do zalogowania na stronie: https:\/\/3class.new-cyb.org\/login.php<\/p>\n<p>3. Po zalogowaniu koordynator zobaczy dwa linki. Jeden b\u0119dzie dotyczy\u0142 rejestracji wolontariuszy, a drugi rejestracji uczni\u00f3w, kt\u00f3rzy potrzebuj\u0105 wsparcia w nauce. Nast\u0119pnie rozsy\u0142a swoim wolontariuszom link, aby si\u0119 zarejestrowali (ich dane b\u0119d\u0105 widoczne tylko dla koordynatora szko\u0142y). Koordynator mo\u017ce przegl\u0105da\u0107 dane wolontariuszy oraz ma dost\u0119p do informacji przes\u0142anych przez uczni\u00f3w szk\u00f3\u0142 podstawowych.<\/p>\n<p>4. Dodatkowo koordynator mo\u017ce wyznaczy\u0107 ucznia lub grup\u0119 uczni\u00f3w, w celu wsparcia kontaktu z wolontariuszami, rodzicami i uczniami.<\/p>\n<p>5. Koordynator uzgadnia z dyrekcj\u0105 wsp\u00f3\u0142pracuj\u0105cej szko\u0142y podstawowej form\u0119 przekazania linku opiekunom uczni\u00f3w tej szko\u0142y (np. przez wychowawc\u00f3w).<\/p>\n<p>6. Jest wskazane, aby dyrektor szko\u0142y macierzystej koordynatora podpisa\u0142 z ka\u017cdym wolontariuszem umow\u0119 o wolontariat (wz\u00f3r umieszczony w zak\u0142adce &#8222;pliki do pobrania&#8221;).<\/p>\n<p><strong>Informacje \u2013 do rodzic\u00f3w.<\/strong><\/p>\n<p>1. Opiekun dziecka, kt\u00f3ry otrzyma wype\u0142nia kwestionariusz, w kt\u00f3rym umieszcza informacje z jakich przedmiot\u00f3w jego dziecko potrzebuje wsparcia i w jakim wymiarze czasowym jest ono potrzebne.<\/p>\n<p>2. Po wp\u0142yni\u0119ciu zg\u0142oszenia, grupa rejestruj\u0105ca przydziela wolontariusza, tworz\u0105c plan zaj\u0119\u0107 dla dziecka wg danych z kwestionariusza.<\/p>\n<p>3. Wolontariusz odpowiada na maila podanego w kwestionariuszu i wsp\u00f3lnie z rodzicem ustala spos\u00f3b komunikacji z uczniem.<\/p>\n<p>&nbsp;<\/p>\n<p>W razie pyta\u0144 <strong>nauczycieli<\/strong> prosimy o kontakt pod adresem <a href=\"mailto:martamakosa@lo3.gdynia.pl\">martamakosa@lo3.gdynia.pl<\/a><\/p>\n<p>&nbsp;<\/p>\n<p><strong>ZA\u0141\u0104CZNIKI:<\/strong><\/p>\n<p>1. PREZENTACJA <a href=\"http:\/\/3-lab.pl\/en\/wp-content\/uploads\/2020\/03\/3class-1.pdf\/\">PDF<\/a><br \/>\n2.UMOWA O WOLONTARIAT <a href=\"http:\/\/3-lab.pl\/en\/wp-content\/uploads\/2020\/03\/Umowa-o-wolontariat-wz\u00f3r.pdf\/\">PDF<\/a> <a href=\"http:\/\/3-lab.pl\/en\/wp-content\/uploads\/2020\/03\/Umowa-o-wolontariat-wz\u00f3r.docx\/\">docx<\/a><br \/>\n3.KLAUZULA INFORMACYJNA O PRZETWARZANIU DANYCH OSOBOWYCH <a href=\"http:\/\/3-lab.pl\/en\/wp-content\/uploads\/2020\/03\/KLAUZULA-INFORMACYJNA-O-PRZETWARZANIU-DANYCH-OSOBOWYCH1.pdf\/\">PDF<\/a> <a href=\"http:\/\/3-lab.pl\/en\/wp-content\/uploads\/2020\/03\/KLAUZULA-INFORMACYJNA-O-PRZETWARZANIU-DANYCH-OSOBOWYCH1.docx\/\">docx<\/a><br \/>\n4. RAPORT ABSOLWENTA M. MAZURKIEWICZA <a href=\"http:\/\/3-lab.pl\/en\/wp-content\/uploads\/2020\/03\/Ad-Astra.pdf\/\">PDF<\/a><br \/>\n5. OPIS PROJEKTU DLA DYREKTORA <a href=\"http:\/\/3-lab.pl\/en\/wp-content\/uploads\/2020\/03\/2.-OPIS-PROJEKTU-1.pdf\/\">PDF<\/a> <a href=\"http:\/\/3-lab.pl\/en\/wp-content\/uploads\/2020\/03\/2.-OPIS-PROJEKTU-1.docx\/\">docx<\/a><br \/>\n6. DOKUMENTACJA <a href=\"http:\/\/3-lab.pl\/en\/wp-content\/uploads\/2020\/03\/3ClassDocumentation.pdf\/\">PDF<\/a> <a href=\"http:\/\/3-lab.pl\/en\/wp-content\/uploads\/2020\/03\/3ClassDocumentation.docx\/\">docx<\/a><\/p>\n<p><strong><\/div><\/div><\/div><div data-accordion class=\"ut-accordion-module-item\"><h3 data-control class=\"ut-accordion-module-heading\" data-counter=\"4\">CZY BY\u0141O WARTO ? LISTY DO REDAKCJI I NIE TYLKO<\/h3><div data-content class=\"ut-accordion-module-content\"><div class=\"ut-accordion-module-inner entry-content clearfix\"><\/strong><\/p>\n<blockquote><p>&#8230;Jestem mam\u0105 Bartka. M\u00f3j syn bardzo potrzebuje pomocy w j\u0119zyku polskim. B\u0119d\u0119 wdzi\u0119czna za czas po\u015bwi\u0119cony na jego edukacj\u0119 w tym zakresie&#8230;<\/p><\/blockquote>\n<p><strong>mama Bartka<\/strong><\/p>\n<blockquote><p>Dzi\u0119kuj\u0119 za super inicjatyw\u0119 w tych trudnych dla wszystkich czasach!<\/p><\/blockquote>\n<p><strong>Katarzyna<\/strong><\/p>\n<blockquote>\n<div>To jest wspania\u0142e! Gratuluj\u0119 i dzi\u0119kuj\u0119! Dzi\u015b to trafi do wszystkich wychowawc\u00f3w i klas. Uk\u0142ony i pozdrowienia dla ca\u0142ego ZESPO\u0141U!<\/div>\n<\/blockquote>\n<div><strong>Mariusz<\/strong><\/div>\n<div><\/div>\n<blockquote>\n<div>WOW! Gratuluj\u0119 inicjatywy i pomys\u0142u. Bardzo podoba mi si\u0119 ten projekt, spr\u00f3buj\u0119 znale\u017a\u0107 ch\u0119tnych w naszej szkole<\/div>\n<\/blockquote>\n<div><strong>Ania<\/strong><\/div>\n<div><\/div>\n<div>\n<hr \/>\n<\/div>\n<div><\/div>\n<div><img class=\"aligncenter\" src=\"https:\/\/pbs.twimg.com\/media\/ETvXu-7WkAEJ-NZ?format=jpg&amp;name=small\" alt=\"Zdj\u0119cie\" width=\"456\" height=\"257\" \/><\/div>\n<div><\/div>\n<div><\/div>\n<div><\/div>\n<div>\n<div style=\"text-align: center;\"><strong>Jest nam mi\u0142o poinformowa\u0107, \u017ce ca\u0142y zesp\u00f3\u0142 projektu 3 CLASS zaj\u0105\u0142 1 miejsce w hackathonie Hack the Crisis: Tech for Good.<\/strong><\/div>\n<\/div>\n<div>\n<div><\/div>\n<div><\/div>\n<div><\/div>\n<div>Amazon, Microsoft and Google, as well as the Prime Minister's Office and GovTech have decided to engage in the HackCrisis: Tech for Good initiative. This is a charity hackathon that aims to create solutions that can help fight the coronavirus pandemic.<\/div>\n<div><\/div>\n<div>The organizers sought ideas that could be played out within 3-5 days and would give the public access to reliable information about the crisis. Besides, they need to give people hope and a sense of security.<\/div>\n<div>Its purpose is to help people survive the coronavirus pandemic time in the world and make our surroundings safe again.<\/div>\n<div>&#8222;Nasz\u0105 rol\u0105 jest stworzenie przestrzeni, pokierowanie ni\u0105 i dostarczenie narz\u0119dzi dla tych, kt\u00f3rzy chc\u0105 zhakowa\u0107 ten kryzys z uczciwo\u015bci\u0105 w swoich g\u0142owach i sercach \u2013 powiedzia\u0142 Dmitrij \u017batuchin, Co-founder SoDA Poland i CEO DO OK S.A.Wsp\u00f3lnie z premierem RP i GovTech zadecydowali\u015bmy si\u0119 zainicjowa\u0107 ruch HackCrisis&#8221;<\/div>\n<div><\/div>\n<div>\n<p>Premier zauwa\u017cy\u0142, \u017ce bardzo szybko ros\u0142o zainteresowanie udzia\u0142em w tym mi\u0119dzynarodowym wydarzeniu skierowanym g\u0142\u00f3wnie do programist\u00f3w. To, \u017ce ju\u017c po kilku minutach od rozpocz\u0119cia do inicjatywy do\u0142\u0105czy\u0142o kilkaset os\u00f3b, a w ci\u0105gu kilku dni niemal 2000 pokazuje, jak silna jest solidarno\u015b\u0107 spo\u0142eczno\u015bci technologicznej &#8211; od wielkich koncern\u00f3w, przez instytucje publiczne, po indywidualnych programist\u00f3w&#8221; &#8211; napisa\u0142 Mateusz Morawiecki.Szef rz\u0105du pogratulowa\u0142 zwyci\u0119zcom oraz podzi\u0119kowa\u0142 organizatorom i zespo\u0142om zaanga\u017cowanym w hackathon online HackCrisis.<\/p>\n<p>&#8222;Zwyci\u0119zcom gratuluj\u0119 a organizatorom i zespo\u0142om, kt\u00f3re pracowa\u0142y 24 godziny na dob\u0119 serdecznie dzi\u0119kuj\u0119 za wsp\u00f3ln\u0105 walk\u0119 z wirusem!&#8221; &#8211; napisa\u0142.<\/p>\n<p><em>source: Forbes\/Polskie Radio<\/em><\/p>\n<\/div>\n<\/div>\n<p>&nbsp;<\/p>\n<p><b><\/div><\/div><\/div><div data-accordion class=\"ut-accordion-module-item\"><h3 data-control class=\"ut-accordion-module-heading\" data-counter=\"5\">PRAWDZIWYCH PRZYJACI\u00d3\u0141 POZNAJE SI\u0118 W BIEDZIE<\/h3><div data-content class=\"ut-accordion-module-content\"><div class=\"ut-accordion-module-inner entry-content clearfix\"><\/b><\/p>\n<p><img class=\"alignnone size-full wp-image-2011 aligncenter\" src=\"http:\/\/3-lab.pl\/wp-content\/uploads\/2020\/01\/JIT-ZNAK-01-1.png\" alt=\"\" width=\"425\" height=\"129\" \/><\/p>\n<p>Nasi przyjaciele z <strong>Jit Team <\/strong>przekazali 18 laptop\u00f3w dla uczni\u00f3w potrzebuj\u0105cych pomocy z\u00a0<strong>SP w Wicku <\/strong>i\u00a0<strong>SP w Debrznie.\u00a0<\/strong>Wi\u0119cej informacji <a href=\"https:\/\/3-lab.pl\/en\/2020\/04\/22\/z-sercem-dla-dzieci-nasz-sponsor-jit-pomaga-szkolom\/\">tutaj<\/a>.<\/p>\n<p><strong><\/div><\/div><\/div><div data-accordion class=\"ut-accordion-module-item\"><h3 data-control class=\"ut-accordion-module-heading\" data-counter=\"6\">KONTAKT<\/h3><div data-content class=\"ut-accordion-module-content\"><div class=\"ut-accordion-module-inner entry-content clearfix\"><\/strong><\/p>\n<p><strong>Anna Rzepa (koordynator) &#8211; <a href=\"mailto:annarzepa@lo3.gdynia.pl\">annarzepa@lo3.gdynia.pl<\/a><\/strong><\/p>\n<p>&nbsp;<\/p>\n<p><strong>Marta M\u0105kosa &#8211; <a href=\"mailto:martamakosa@lo3.gdynia.pl\">martamakosa@lo3.gdynia.pl<\/a><\/strong><\/p>\n<ul>\n<li>Licea chc\u0105ce przyst\u0105pi\u0107 do projektu<\/li>\n<li>Nauczyciele chc\u0105cy skorzysta\u0107 z pomocy<\/li>\n<\/ul>\n<p>&nbsp;<\/p>\n<p><strong>\u00a0Olga Wro\u0144ska &#8211; <a href=\"mailto:olgawronska@lo3.gdynia.pl\">olgawronska@lo3.gdynia.pl<\/a><\/strong><\/p>\n<ul>\n<li>Szko\u0142y podstawowe chc\u0105ce przyst\u0105pi\u0107 do projektu<\/li>\n<li>Rodzice<\/li>\n<\/ul>\n<p>&nbsp;<\/p>\n<p><b><\/div><\/div><\/div><div data-accordion class=\"ut-accordion-module-item\"><h3 data-control class=\"ut-accordion-module-heading\" data-counter=\"7\">PLIKI DO POBRANIA I \u0141\u0104CZA ZEWN\u0118TRZNE<\/h3><div data-content class=\"ut-accordion-module-content\"><div class=\"ut-accordion-module-inner entry-content clearfix\"><\/b><\/p>\n<p>Opis projektu dla dyrekcji <a href=\"http:\/\/3-lab.pl\/en\/wp-content\/uploads\/2020\/03\/2.-OPIS-PROJEKTU-1.pdf\/\">PDF<\/a><br \/>\nRaport Mateusza Mazurkiewicza &#8211; absolwenta III LO w Gdyni <a href=\"http:\/\/3-lab.pl\/en\/wp-content\/uploads\/2020\/03\/Ad-Astra.pdf\/\">PDF<\/a><br \/>\nDokumentacja systemu IT <a href=\"http:\/\/3-lab.pl\/en\/wp-content\/uploads\/2020\/03\/3ClassDocumentation.pdf\/\">PDF<\/a><br \/>\nUmowa o wolontariat &#8211; wz\u00f3r <a href=\"http:\/\/3-lab.pl\/en\/wp-content\/uploads\/2020\/03\/Umowa-o-wolontariat-wz\u00f3r.pdf\/\">PDF<\/a> <a href=\"http:\/\/3-lab.pl\/en\/wp-content\/uploads\/2020\/03\/Umowa-o-wolontariat-wz\u00f3r.docx\/\">docx<\/a><br \/>\nKlauzula informacyjna o przetwarzaniu danych osobowych &#8211; wz\u00f3r <a href=\"http:\/\/3-lab.pl\/en\/wp-content\/uploads\/2020\/03\/KLAUZULA-INFORMACYJNA-O-PRZETWARZANIU-DANYCH-OSOBOWYCH1.pdf\/\">PDF<\/a> <a href=\"http:\/\/3-lab.pl\/en\/wp-content\/uploads\/2020\/03\/KLAUZULA-INFORMACYJNA-O-PRZETWARZANIU-DANYCH-OSOBOWYCH1.docx\/\">docx<\/a><\/p>\n<p>Prezentacja projektu w III LO w Gdyni <a href=\"http:\/\/3-lab.pl\/en\/wp-content\/uploads\/2020\/03\/3class-1.pdf\/\">PDF<\/a><br \/>\nKlauzula informacyjna o przetwarzaniu danych osobowych &#8211; III LO w Gdyni pdf<\/p>\n<p><b><\/div><\/div><\/div><div data-accordion class=\"ut-accordion-module-item\"><h3 data-control class=\"ut-accordion-module-heading\" data-counter=\"8\">3CLASS W GDY\u0143SKIEJ TR\u00d3JCE<\/h3><div data-content class=\"ut-accordion-module-content\"><div class=\"ut-accordion-module-inner entry-content clearfix\"><\/b><\/p>\n\r\n            <style type='text\/css'>\r\n                #gallery-2 {\r\n                    margin: auto;\r\n                }\r\n                #gallery-2 .gallery-item {\r\n                    float: left;\r\n                    margin-top: 10px;\r\n                    text-align: center;\r\n                    width: 50%;\r\n                }\r\n                #gallery-2 img {\r\n                    border: 2px solid #cfcfcf;\r\n                }\r\n                #gallery-2 .gallery-caption {\r\n                    margin-left: 0;\r\n                }\r\n                \r\n                \r\n                \r\n                \/* see gallery_shortcode() in wp-includes\/media.php *\/\r\n            <\/style>\n\t\t<div id='gallery-2' class='gallery galleryid-2905 gallery-columns-2 gallery-size-full'><dl class='gallery-item'>\r\n                <dt class='gallery-icon portrait'>\r\n                    <a href='https:\/\/3-lab.pl\/wp-content\/uploads\/2020\/05\/3class_podtawowe_compressed-2.png'><img width=\"1652\" height=\"2336\" src=\"https:\/\/3-lab.pl\/wp-content\/uploads\/2020\/05\/3class_podtawowe_compressed-2.png\" class=\"attachment-full size-full\" alt=\"\" srcset=\"https:\/\/3-lab.pl\/wp-content\/uploads\/2020\/05\/3class_podtawowe_compressed-2.png 1652w, https:\/\/3-lab.pl\/wp-content\/uploads\/2020\/05\/3class_podtawowe_compressed-2-306x433.png 306w, https:\/\/3-lab.pl\/wp-content\/uploads\/2020\/05\/3class_podtawowe_compressed-2-768x1086.png 768w, https:\/\/3-lab.pl\/wp-content\/uploads\/2020\/05\/3class_podtawowe_compressed-2-613x867.png 613w, https:\/\/3-lab.pl\/wp-content\/uploads\/2020\/05\/3class_podtawowe_compressed-2-509x720.png 509w\" sizes=\"(max-width: 1652px) 100vw, 1652px\" \/><\/a>\r\n                <\/dt><\/dl><dl class='gallery-item'>\r\n                <dt class='gallery-icon portrait'>\r\n                    <a href='https:\/\/3-lab.pl\/wp-content\/uploads\/2020\/05\/3class_podtawowe_compressed-4.png'><img width=\"1652\" height=\"2336\" src=\"https:\/\/3-lab.pl\/wp-content\/uploads\/2020\/05\/3class_podtawowe_compressed-4.png\" class=\"attachment-full size-full\" alt=\"\" srcset=\"https:\/\/3-lab.pl\/wp-content\/uploads\/2020\/05\/3class_podtawowe_compressed-4.png 1652w, https:\/\/3-lab.pl\/wp-content\/uploads\/2020\/05\/3class_podtawowe_compressed-4-306x433.png 306w, https:\/\/3-lab.pl\/wp-content\/uploads\/2020\/05\/3class_podtawowe_compressed-4-768x1086.png 768w, https:\/\/3-lab.pl\/wp-content\/uploads\/2020\/05\/3class_podtawowe_compressed-4-613x867.png 613w, https:\/\/3-lab.pl\/wp-content\/uploads\/2020\/05\/3class_podtawowe_compressed-4-509x720.png 509w\" sizes=\"(max-width: 1652px) 100vw, 1652px\" \/><\/a>\r\n                <\/dt><\/dl><br style=\"clear: both\" \/><dl class='gallery-item'>\r\n                <dt class='gallery-icon portrait'>\r\n                    <a href='https:\/\/3-lab.pl\/wp-content\/uploads\/2020\/05\/3class_podtawowe_compressed-5.png'><img width=\"1652\" height=\"2336\" src=\"https:\/\/3-lab.pl\/wp-content\/uploads\/2020\/05\/3class_podtawowe_compressed-5.png\" class=\"attachment-full size-full\" alt=\"\" srcset=\"https:\/\/3-lab.pl\/wp-content\/uploads\/2020\/05\/3class_podtawowe_compressed-5.png 1652w, https:\/\/3-lab.pl\/wp-content\/uploads\/2020\/05\/3class_podtawowe_compressed-5-306x433.png 306w, https:\/\/3-lab.pl\/wp-content\/uploads\/2020\/05\/3class_podtawowe_compressed-5-768x1086.png 768w, https:\/\/3-lab.pl\/wp-content\/uploads\/2020\/05\/3class_podtawowe_compressed-5-613x867.png 613w, https:\/\/3-lab.pl\/wp-content\/uploads\/2020\/05\/3class_podtawowe_compressed-5-509x720.png 509w\" sizes=\"(max-width: 1652px) 100vw, 1652px\" \/><\/a>\r\n                <\/dt><\/dl><dl class='gallery-item'>\r\n                <dt class='gallery-icon portrait'>\r\n                    <a href='https:\/\/3-lab.pl\/wp-content\/uploads\/2020\/05\/3class_podtawowe_compressed-3.png'><img width=\"1652\" height=\"2336\" src=\"https:\/\/3-lab.pl\/wp-content\/uploads\/2020\/05\/3class_podtawowe_compressed-3.png\" class=\"attachment-full size-full\" alt=\"\" srcset=\"https:\/\/3-lab.pl\/wp-content\/uploads\/2020\/05\/3class_podtawowe_compressed-3.png 1652w, https:\/\/3-lab.pl\/wp-content\/uploads\/2020\/05\/3class_podtawowe_compressed-3-306x433.png 306w, https:\/\/3-lab.pl\/wp-content\/uploads\/2020\/05\/3class_podtawowe_compressed-3-768x1086.png 768w, https:\/\/3-lab.pl\/wp-content\/uploads\/2020\/05\/3class_podtawowe_compressed-3-613x867.png 613w, https:\/\/3-lab.pl\/wp-content\/uploads\/2020\/05\/3class_podtawowe_compressed-3-509x720.png 509w\" sizes=\"(max-width: 1652px) 100vw, 1652px\" \/><\/a>\r\n                <\/dt><\/dl><br style=\"clear: both\" \/><dl class='gallery-item'>\r\n                <dt class='gallery-icon portrait'>\r\n                    <a href='https:\/\/3-lab.pl\/wp-content\/uploads\/2020\/05\/3class_podtawowe_compressed-6.png'><img width=\"1652\" height=\"2336\" src=\"https:\/\/3-lab.pl\/wp-content\/uploads\/2020\/05\/3class_podtawowe_compressed-6.png\" class=\"attachment-full size-full\" alt=\"\" srcset=\"https:\/\/3-lab.pl\/wp-content\/uploads\/2020\/05\/3class_podtawowe_compressed-6.png 1652w, https:\/\/3-lab.pl\/wp-content\/uploads\/2020\/05\/3class_podtawowe_compressed-6-306x433.png 306w, https:\/\/3-lab.pl\/wp-content\/uploads\/2020\/05\/3class_podtawowe_compressed-6-768x1086.png 768w, https:\/\/3-lab.pl\/wp-content\/uploads\/2020\/05\/3class_podtawowe_compressed-6-613x867.png 613w, https:\/\/3-lab.pl\/wp-content\/uploads\/2020\/05\/3class_podtawowe_compressed-6-509x720.png 509w\" sizes=\"(max-width: 1652px) 100vw, 1652px\" \/><\/a>\r\n                <\/dt><\/dl><dl class='gallery-item'>\r\n                <dt class='gallery-icon portrait'>\r\n                    <a href='https:\/\/3-lab.pl\/wp-content\/uploads\/2020\/05\/3class_podtawowe_compressed-7.png'><img width=\"1652\" height=\"2336\" src=\"https:\/\/3-lab.pl\/wp-content\/uploads\/2020\/05\/3class_podtawowe_compressed-7.png\" class=\"attachment-full size-full\" alt=\"\" srcset=\"https:\/\/3-lab.pl\/wp-content\/uploads\/2020\/05\/3class_podtawowe_compressed-7.png 1652w, https:\/\/3-lab.pl\/wp-content\/uploads\/2020\/05\/3class_podtawowe_compressed-7-306x433.png 306w, https:\/\/3-lab.pl\/wp-content\/uploads\/2020\/05\/3class_podtawowe_compressed-7-768x1086.png 768w, https:\/\/3-lab.pl\/wp-content\/uploads\/2020\/05\/3class_podtawowe_compressed-7-613x867.png 613w, https:\/\/3-lab.pl\/wp-content\/uploads\/2020\/05\/3class_podtawowe_compressed-7-509x720.png 509w\" sizes=\"(max-width: 1652px) 100vw, 1652px\" \/><\/a>\r\n                <\/dt><\/dl><br style=\"clear: both\" \/><script type=\"text\/javascript\">\/* <![CDATA[ *\/(function($){ \"use strict\"; $(document).ready(function(){$('#gallery-2').lightGallery({\r\n                            selector: '.gallery-item a',\r\n                            hash: false,\r\n                            download: site_settings.lg_download\r\n                       });}); })(jQuery);\/* ]]> *\/<\/script><\/div>\n\n<p><\/div><\/div><\/div><\/div><\/div><\/div><\/div><\/div><\/div><div class=\"vc_row-full-width vc_clearfix\"><\/div><a data-id=\"section-without-id\" class=\"ut-vc-offset-anchor-bottom\" name=\"section-without-id\"><\/a><\/section><div class=\"vc_row-full-width vc_clearfix\"><\/div>","protected":false},"excerpt":{"rendered":"<p>&nbsp;<\/p>","protected":false},"author":3,"featured_media":0,"parent":0,"menu_order":0,"comment_status":"closed","ping_status":"closed","template":"","meta":{"spay_email":""},"_links":{"self":[{"href":"https:\/\/3-lab.pl\/en\/wp-json\/wp\/v2\/pages\/2905"}],"collection":[{"href":"https:\/\/3-lab.pl\/en\/wp-json\/wp\/v2\/pages"}],"about":[{"href":"https:\/\/3-lab.pl\/en\/wp-json\/wp\/v2\/types\/page"}],"author":[{"embeddable":true,"href":"https:\/\/3-lab.pl\/en\/wp-json\/wp\/v2\/users\/3"}],"replies":[{"embeddable":true,"href":"https:\/\/3-lab.pl\/en\/wp-json\/wp\/v2\/comments?post=2905"}],"version-history":[{"count":22,"href":"https:\/\/3-lab.pl\/en\/wp-json\/wp\/v2\/pages\/2905\/revisions"}],"predecessor-version":[{"id":5270,"href":"https:\/\/3-lab.pl\/en\/wp-json\/wp\/v2\/pages\/2905\/revisions\/5270"}],"wp:attachment":[{"href":"https:\/\/3-lab.pl\/en\/wp-json\/wp\/v2\/media?parent=2905"}],"curies":[{"name":"wp","href":"https:\/\/api.w.org\/{rel}","templated":true}]}}